{"id":24060,"date":"2023-03-01T16:33:38","date_gmt":"2023-03-01T16:33:38","guid":{"rendered":"https:\/\/www.padesignart.com\/?post_type=exhibitor&#038;p=24060"},"modified":"2026-04-14T10:18:48","modified_gmt":"2026-04-14T09:18:48","slug":"unforget","status":"publish","type":"exhibitor","link":"https:\/\/www.padesignart.com\/fr\/exhibitor\/unforget\/","title":{"rendered":"UNFORGET"},"content":{"rendered":"<p>Unforget Decorative Arts, fond\u00e9e en 2017 par \u00c9ric Parduyns, est une galerie bruxelloise d\u00e9di\u00e9e aux arts d\u00e9coratifs du XXe si\u00e8cle, avec une attention particuli\u00e8re port\u00e9e au design d\u2019apr\u00e8s-guerre et aux cr\u00e9ations embl\u00e9matiques en verre, m\u00e9tal et mobilier.<\/p>\n<p>\u00c9ric Parduyns, passionn\u00e9 depuis les ann\u00e9es 1980, a commenc\u00e9 sa collection avec des pi\u00e8ces issues du mouvement Memphis, notamment des vases de Venini con\u00e7us par Alessandro Mendini. Depuis, il a \u00e9largi son regard vers des signatures incontournables du design europ\u00e9en, en privil\u00e9giant l\u2019authenticit\u00e9 et la raret\u00e9 des \u0153uvres.<\/p>\n<p>Situ\u00e9e \u00e0 Uccle, la galerie accueille ses visiteurs sur rendez-vous, offrant une approche intimiste et immersive. Unforget expose r\u00e9guli\u00e8rement dans des foires internationales telles que le PAD Paris ou le PAD London, o\u00f9 elle met en valeur une s\u00e9lection pointue d\u2019objets et de mobiliers.<\/p>\n<p>Unforget se distingue par une vision curatoriale qui m\u00eale rigueur historique et \u00e9motion esth\u00e9tique, transformant chaque objet en un t\u00e9moignage du dialogue entre art, design et artisanat.<\/p>","protected":false},"excerpt":{"rendered":"<p>Fond\u00e9e en 2017 par \u00c9ric Parduyns, Unforget Decorative Arts est une galerie bruxelloise d\u00e9di\u00e9e aux arts d\u00e9coratifs du XX? si\u00e8cle. Sp\u00e9cialis\u00e9e dans le design d\u2019apr\u00e8s-guerre, elle propose une s\u00e9lection pointue de verre de Murano (Venini, Barovier, Seguso), de miroirs et bronzes de Line Vautrin, ainsi que de cr\u00e9ations belges embl\u00e9matiques, notamment les tables d\u2019Ado Chale. Situ\u00e9e \u00e0 Uccle, la galerie re\u00e7oit sur rendez-vous et participe \u00e0 des foires prestigieuses.<\/p>\n","protected":false},"author":833,"menu_order":104,"template":"","exhibitor_category":[155],"class_list":["post-24060","exhibitor","type-exhibitor","status-publish","has-post-thumbnail","hentry","pad_fair-london","exhibitor_category-historical-design","exhibitor_country-belgium"],"acf":[],"aioseo_notices":[],"_links":{"self":[{"href":"https:\/\/www.padesignart.com\/fr\/wp-json\/wp\/v2\/exhibitor\/24060","targetHints":{"allow":["GET"]}}],"collection":[{"href":"https:\/\/www.padesignart.com\/fr\/wp-json\/wp\/v2\/exhibitor"}],"about":[{"href":"https:\/\/www.padesignart.com\/fr\/wp-json\/wp\/v2\/types\/exhibitor"}],"author":[{"embeddable":true,"href":"https:\/\/www.padesignart.com\/fr\/wp-json\/wp\/v2\/users\/833"}],"wp:featuredmedia":[{"embeddable":true,"href":"https:\/\/www.padesignart.com\/fr\/wp-json\/wp\/v2\/media\/30197"}],"wp:attachment":[{"href":"https:\/\/www.padesignart.com\/fr\/wp-json\/wp\/v2\/media?parent=24060"}],"wp:term":[{"taxonomy":"exhibitor_category","embeddable":true,"href":"https:\/\/www.padesignart.com\/fr\/wp-json\/wp\/v2\/exhibitor_category?post=24060"}],"curies":[{"name":"wp","href":"https:\/\/api.w.org\/{rel}","templated":true}]}}