{"id":23475,"date":"2022-12-13T14:50:17","date_gmt":"2022-12-13T14:50:17","guid":{"rendered":"https:\/\/www.padesignart.com\/?post_type=exhibitor&#038;p=23475"},"modified":"2026-04-02T12:21:28","modified_gmt":"2026-04-02T11:21:28","slug":"remix-gallery","status":"publish","type":"exhibitor","link":"https:\/\/www.padesignart.com\/fr\/exhibitor\/remix-gallery\/","title":{"rendered":"REMIX GALLERY"},"content":{"rendered":"<p>Remix Gallery, fond\u00e9e en 2015 par Val\u00e9rie Bouvier et Antoine Nouvet, est la premi\u00e8re galerie en France \u00e0 avoir remis en lumi\u00e8re le design des ann\u00e9es 80. Leur r\u00e9flexion est \u00e0 la fois formelle, fonctionnelle et politique. L\u2019objet populaire de cette d\u00e9cennie, signature de changements sociologiques, occupe une place importante dans leurs choix esth\u00e9tiques. Initiatrices de nouveaux styles, les \u00ab eighties \u00bb surprennent par leur inventivit\u00e9 et leur radicalit\u00e9.<\/p>\n<p>Depuis plus de 10 ans, ils d\u00e9fendent les cr\u00e9ateurs des ann\u00e9es 80 et consacrent leurs recherches au travail de Philippe Starck, cr\u00e9ateur g\u00e9nial et visionnaire, dont les objets sont pour la plupart devenus cultes. Martin Szekely, Jean-Michel Wilmotte, Alessandro Mendini, Andr\u00e9e Putman, Gilles Derain, Jasper Morrison ou Ettore Sottsass font \u00e9galement partie des designers qu&rsquo;ils exposent dans leur galerie.<\/p>\n<p>Elle contribue r\u00e9guli\u00e8rement, par son expertise reconnue, \u00e0 enrichir des collections institutionnelles et priv\u00e9es.<\/p>\n<p>Ces derni\u00e8res ann\u00e9es, Remix Gallery a organis\u00e9 des expositions monographiques sur le travail de Philippe Starck, Pierre Sala, Christian Duc, les luminaires des ann\u00e9es 80 et r\u00e9cemment les chaises de cette d\u00e9cennie.<\/p>\n<p>Pour cette nouvelle \u00e9dition du PAD Paris 2026, PAF atelier se joindra \u00e0 Remix gallery, pour une sc\u00e9nographie tr\u00e8s \u00ab\u00a0REMIX and PAF\u00a0\u00bb !<\/p>","protected":false},"excerpt":{"rendered":"<p>REMIX GALLERY &#8211; 80s design &#8211; Galerie sp\u00e9cialis\u00e9e dans le design des ann\u00e9es 80 et les cr\u00e9ations de Philippe Starck<\/p>\n","protected":false},"author":822,"menu_order":90,"template":"","exhibitor_category":[155],"class_list":["post-23475","exhibitor","type-exhibitor","status-publish","has-post-thumbnail","hentry","pad_fair-paris","exhibitor_category-historical-design","exhibitor_country-france"],"acf":[],"aioseo_notices":[],"_links":{"self":[{"href":"https:\/\/www.padesignart.com\/fr\/wp-json\/wp\/v2\/exhibitor\/23475","targetHints":{"allow":["GET"]}}],"collection":[{"href":"https:\/\/www.padesignart.com\/fr\/wp-json\/wp\/v2\/exhibitor"}],"about":[{"href":"https:\/\/www.padesignart.com\/fr\/wp-json\/wp\/v2\/types\/exhibitor"}],"author":[{"embeddable":true,"href":"https:\/\/www.padesignart.com\/fr\/wp-json\/wp\/v2\/users\/822"}],"wp:featuredmedia":[{"embeddable":true,"href":"https:\/\/www.padesignart.com\/fr\/wp-json\/wp\/v2\/media\/28461"}],"wp:attachment":[{"href":"https:\/\/www.padesignart.com\/fr\/wp-json\/wp\/v2\/media?parent=23475"}],"wp:term":[{"taxonomy":"exhibitor_category","embeddable":true,"href":"https:\/\/www.padesignart.com\/fr\/wp-json\/wp\/v2\/exhibitor_category?post=23475"}],"curies":[{"name":"wp","href":"https:\/\/api.w.org\/{rel}","templated":true}]}}