{"id":17521,"date":"2019-03-12T16:59:53","date_gmt":"2019-03-12T16:59:53","guid":{"rendered":"https:\/\/www.padesignart.com\/paris\/?post_type=exhibitor&#038;p=17521"},"modified":"2026-03-18T13:45:24","modified_gmt":"2026-03-18T13:45:24","slug":"galerie-desprez-breheret","status":"publish","type":"exhibitor","link":"https:\/\/www.padesignart.com\/fr\/exhibitor\/galerie-desprez-breheret\/","title":{"rendered":"GALERIE DESPREZ BR\u00c9H\u00c9RET"},"content":{"rendered":"<p>La galerie Desprez Breheret, fond\u00e9e il y a pr\u00e8s de 20 ans par H\u00e9l\u00e8ne Breheret et Benjamin Desprez, est situ\u00e9e dans le quartier du Louvre \u00e0 proximit\u00e9 du Palais Royal et de la Fondation Pinault. La galerie est sp\u00e9cialis\u00e9e dans le design historique du XXe si\u00e8cle avec une pr\u00e9dilection pour les pi\u00e8ces de designers et d&rsquo;artistes tels que Charlotte Perriand, Joseph Savina, Pierre Paulin, Isamu Noguchi, Ingo Maurer&#8230; dont H\u00e9l\u00e8ne et Benjamin traquent les cr\u00e9ations les plus rares.<\/p>\n<p>La galerie repr\u00e9sente \u00e9galement des cr\u00e9ateurs contemporains comme la designer Kalou Dubus, mais aussi le sculpteur am\u00e9ricain Dan Pollock, dont elle pr\u00e9sente en exclusivit\u00e9 le travail. Mobilier monoxyle et singulier sculpt\u00e9 \u00e0 partir de bois mort collect\u00e9 dans le d\u00e9sert californien et dans une d\u00e9marche \u00e9co-responsable. La galerie est sp\u00e9cialiste du travail de Jean Touret et des Artisans de Marolles, dont H\u00e9l\u00e8ne et Benjamin ont collabor\u00e9 \u00e0 la premi\u00e8re monographie avec leurs archives, ainsi que de l&rsquo;artiste textile Thomas Gleb. Elle leur a respectivement consacr\u00e9 2 expositions r\u00e9centes en \u00e9troite collaboration avec les familles des artistes.<\/p>\n<p>La galerie est toujours \u00e0 la recherche d\u2019artistes et d\u2019ateliers de designers m\u00e9connus pour lesquels elle aime travailler \u00e0 la reconnaissance. H\u00e9l\u00e8ne et Benjamin portent une attention particuli\u00e8re \u00e0 la valorisation des mat\u00e9riaux naturels comme le bois, la c\u00e9ramique, le textile ou le fer battu. Leur volont\u00e9 est de magnifier l&rsquo;artisanat et les savoir-faire traditionnels. La galerie est r\u00e9put\u00e9e pour mettre en sc\u00e8ne toutes ces signatures en ses murs, lors de salons ou aupr\u00e8s de ses clients collectionneurs dans un univers toujours soign\u00e9, \u00e0 l&rsquo;esth\u00e9tique sobre et \u00e9quilibr\u00e9e d&rsquo;o\u00f9 une v\u00e9ritable identit\u00e9 \u00e9merge. Elle a \u00e9galement \u00e9t\u00e9 r\u00e9compens\u00e9e \u00e0 deux reprises, une fois pour le meilleur objet design et une seconde fois pour le meilleur stand (PAD 2019 &amp; PAD 2022).<\/p>","protected":false},"excerpt":{"rendered":"<p class=\"qtranxs-available-languages-message qtranxs-available-languages-message-fr\">D\u00e9sol\u00e9, cet article est seulement disponible en <a href=\"https:\/\/www.padesignart.com\/en\/wp-json\/wp\/v2\/exhibitor\/17521\" class=\"qtranxs-available-language-link qtranxs-available-language-link-en\" title=\"English\">English<\/a>.<\/p>\n<p>GALERIE DESPREZ BREHERET ( JEAN TOURET MAROLLES PERRIAND PAULIN SAVINA )<\/p>\n","protected":false},"author":728,"menu_order":34,"template":"","exhibitor_category":[155],"class_list":["post-17521","exhibitor","type-exhibitor","status-publish","has-post-thumbnail","hentry","pad_fair-paris","exhibitor_category-historical-design","exhibitor_country-france"],"acf":[],"aioseo_notices":[],"_links":{"self":[{"href":"https:\/\/www.padesignart.com\/fr\/wp-json\/wp\/v2\/exhibitor\/17521","targetHints":{"allow":["GET"]}}],"collection":[{"href":"https:\/\/www.padesignart.com\/fr\/wp-json\/wp\/v2\/exhibitor"}],"about":[{"href":"https:\/\/www.padesignart.com\/fr\/wp-json\/wp\/v2\/types\/exhibitor"}],"author":[{"embeddable":true,"href":"https:\/\/www.padesignart.com\/fr\/wp-json\/wp\/v2\/users\/728"}],"wp:featuredmedia":[{"embeddable":true,"href":"https:\/\/www.padesignart.com\/fr\/wp-json\/wp\/v2\/media\/28276"}],"wp:attachment":[{"href":"https:\/\/www.padesignart.com\/fr\/wp-json\/wp\/v2\/media?parent=17521"}],"wp:term":[{"taxonomy":"exhibitor_category","embeddable":true,"href":"https:\/\/www.padesignart.com\/fr\/wp-json\/wp\/v2\/exhibitor_category?post=17521"}],"curies":[{"name":"wp","href":"https:\/\/api.w.org\/{rel}","templated":true}]}}