{"id":17413,"date":"2019-02-21T16:43:46","date_gmt":"2019-02-21T16:43:46","guid":{"rendered":"https:\/\/www.padesignart.com\/paris\/?post_type=exhibitor&#038;p=17413"},"modified":"2026-02-18T14:13:57","modified_gmt":"2026-02-18T14:13:57","slug":"downtown-galery","status":"publish","type":"exhibitor","link":"https:\/\/www.padesignart.com\/fr\/exhibitor\/downtown-galery\/","title":{"rendered":"LAFFANOUR \/ GALERIE DOWNTOWN"},"content":{"rendered":"<p><\/p>\n<h1>Laffanour Galerie Downtown : mobilier d\u2019architectes<\/h1>\n<p style=\"text-align: left;\">Depuis son ouverture au d\u00e9but des ann\u00e9es 1980, la Galerie Downtown, cr\u00e9\u00e9e par Fran\u00e7ois Laffanour, a explor\u00e9, montr\u00e9 au fil de ses expositions, et r\u00e9habilit\u00e9 un domaine peu connu alors, celui du mobilier d\u2019architectes du XXe si\u00e8cle.\u00a0<a href=\"https:\/\/www.galeriedowntown.com\/designers\/\">Cr\u00e9ateurs<\/a>\u00a0\u2013 architectes pour la plupart \u2013 europ\u00e9ens et am\u00e9ricains qui, au lendemain de la Seconde Guerre mondiale, ont apport\u00e9 une autre conception dans l\u2019art de se meubler, dict\u00e9e par un besoin de libert\u00e9 et d\u2019efficacit\u00e9, au service d\u2019un nouvel art de vivre dans une \u00e9poque de d\u00e9veloppement technologique et scientifique. La Galerie Downtown poss\u00e8de et travaille \u00e0 partir des\u00a0<a href=\"https:\/\/www.galeriedowntown.com\/la-galerie\/archives-steph-simon\/\">archives de la galerie Steph Simon<\/a>\u00a0qui, de 1956 \u00e0 1974, pr\u00e9sentait et \u00e9ditait le mobilier de\u00a0<a href=\"https:\/\/www.galeriedowntown.com\/designers\/charlotte-perriand\/\">Charlotte Perriand<\/a>,\u00a0<a href=\"https:\/\/www.galeriedowntown.com\/designers\/jean-prouve\/\">Jean Prouv\u00e9<\/a>,\u00a0<a href=\"https:\/\/www.galeriedowntown.com\/designers\/le-corbusier\/\">Le Corbusier<\/a>,\u00a0<a href=\"https:\/\/www.galeriedowntown.com\/designers\/serge-mouille\/\">Serge Mouille<\/a>,\u00a0<a href=\"https:\/\/www.galeriedowntown.com\/designers\/georges-jouve\/\">Georges Jouve<\/a>\u00a0ou encore\u00a0<a href=\"https:\/\/www.galeriedowntown.com\/designers\/isamu-noguchi\/\">Isamu Noguchi<\/a>. Depuis 2004, la Galerie Downtown a l\u2019exclusivit\u00e9 pour les meubles de\u00a0<a href=\"https:\/\/www.galeriedowntown.com\/designers\/ron-arad\/\">Ron Arad<\/a>\u00a0en France.<\/p>\n<p><\/p>","protected":false},"excerpt":{"rendered":"<p class=\"qtranxs-available-languages-message qtranxs-available-languages-message-fr\">D\u00e9sol\u00e9, cet article est seulement disponible en <a href=\"https:\/\/www.padesignart.com\/en\/wp-json\/wp\/v2\/exhibitor\/17413\" class=\"qtranxs-available-language-link qtranxs-available-language-link-en\" title=\"English\">English<\/a>.<\/p>\n<p>Since its opening in the early 80s, the Gallery Downtown, created by Fran\u00e7ois Laffanour, has explored, shown through its exhibitions, and rehabilitated a field little known at the time: the 20th century furnitures made by architects.\u00a0Creators\u00a0\u2013 mostly architects \u2013 Europeans and Americans who, after the Second World War, brought another conception in the art of furnishing oneself, dictated by a need for freedom and efficiency, at the service of a new art of living in an era of technological and scientific development. The Downtown gallery owns and works from the\u00a0Galerie Steph Simon archives\u00a0which, from 1956 to 1974, represented the furniture of\u00a0Charlotte Perriand,\u00a0Jean Prouv\u00e9,\u00a0Le Corbusier,\u00a0Serge Mouille,\u00a0Georges Jouve\u00a0or\u00a0Isamu Noguchi. Since 2004, Galerie Downtown has the exclusivity for\u00a0Ron Arad\u2019s\u00a0furnitures in France .<\/p>\n","protected":false},"author":731,"menu_order":65,"template":"","exhibitor_category":[155],"class_list":["post-17413","exhibitor","type-exhibitor","status-publish","has-post-thumbnail","hentry","pad_fair-london","pad_fair-paris","exhibitor_category-historical-design","exhibitor_country-france"],"acf":[],"aioseo_notices":[],"_links":{"self":[{"href":"https:\/\/www.padesignart.com\/fr\/wp-json\/wp\/v2\/exhibitor\/17413","targetHints":{"allow":["GET"]}}],"collection":[{"href":"https:\/\/www.padesignart.com\/fr\/wp-json\/wp\/v2\/exhibitor"}],"about":[{"href":"https:\/\/www.padesignart.com\/fr\/wp-json\/wp\/v2\/types\/exhibitor"}],"author":[{"embeddable":true,"href":"https:\/\/www.padesignart.com\/fr\/wp-json\/wp\/v2\/users\/731"}],"wp:featuredmedia":[{"embeddable":true,"href":"https:\/\/www.padesignart.com\/fr\/wp-json\/wp\/v2\/media\/28319"}],"wp:attachment":[{"href":"https:\/\/www.padesignart.com\/fr\/wp-json\/wp\/v2\/media?parent=17413"}],"wp:term":[{"taxonomy":"exhibitor_category","embeddable":true,"href":"https:\/\/www.padesignart.com\/fr\/wp-json\/wp\/v2\/exhibitor_category?post=17413"}],"curies":[{"name":"wp","href":"https:\/\/api.w.org\/{rel}","templated":true}]}}