{"id":15684,"date":"2018-03-21T17:23:46","date_gmt":"2018-03-21T17:23:46","guid":{"rendered":"https:\/\/www.padesignart.com\/paris\/?post_type=exhibitor&#038;p=15684"},"modified":"2026-02-18T14:24:28","modified_gmt":"2026-02-18T14:24:28","slug":"thomas-fritsch","status":"publish","type":"exhibitor","link":"https:\/\/www.padesignart.com\/fr\/exhibitor\/thomas-fritsch\/","title":{"rendered":"THOMAS FRITSCH &#8211; ARTRIUM"},"content":{"rendered":"<p>Thomas Fritsch a ouvert sa galerie sp\u00e9cialis\u00e9e dans les Arts D\u00e9coratifs Fran\u00e7ais de 1945 \u00e0 1970 au 6, rue de Seine en 2004.<\/p>\n<p>Il est reconnu comme le sp\u00e9cialiste de la c\u00e9ramique fran\u00e7aise d\u2019apr\u00e8s-guerre.\u00a0La galerie pr\u00e9sente une s\u00e9lection des \u00ab\u00a0chefs d\u2019\u0153uvres de la c\u00e9ramique fran\u00e7aise de 1945 \u00e0 1970\u00a0\u00bb, la plupart uniques.\u00a0De Vallauris (Sud de la France) \u00e0 La Borne (Centre de France), la galerie pr\u00e9sente une s\u00e9lection vari\u00e9e de c\u00e9ramiques rares ou uniques r\u00e9alis\u00e9es par les c\u00e9ramistes les plus renomm\u00e9s de cette p\u00e9riode.<\/p>\n<p>Participation aux foires\u00a0: Design Miami\/B\u00e2le depuis 2013, The Salon Art + Design, New York depuis 2015, Design Miami\/ entre 2015 et 2018, TEFAF Maastricht entre 2018 et 2020, PAD Paris depuis 2018 et PAD Londres depuis 2019.<\/p>\n<p>Expositions : Pol Chambost (2006), Suzanne Rami\u00e9 &#8211; Madoura (2012), Andr\u00e9 Aleth Masson (2013), Jacques et Dani Ruelland (2014), Mado Jolain (2016), Vera Sz\u00e9kely (2020) et Roger Capron (2023).<\/p>","protected":false},"excerpt":{"rendered":"<p>Thomas Fristch est reconnu comme le sp\u00e9cialiste de la c\u00e9ramique fran\u00e7aise d\u2019apr\u00e8s-guerre.<\/p>\n","protected":false},"author":736,"menu_order":102,"template":"","exhibitor_category":[158],"class_list":["post-15684","exhibitor","type-exhibitor","status-publish","has-post-thumbnail","hentry","pad_fair-paris","exhibitor_category-glass-and-ceramic","exhibitor_country-france"],"acf":[],"aioseo_notices":[],"_links":{"self":[{"href":"https:\/\/www.padesignart.com\/fr\/wp-json\/wp\/v2\/exhibitor\/15684","targetHints":{"allow":["GET"]}}],"collection":[{"href":"https:\/\/www.padesignart.com\/fr\/wp-json\/wp\/v2\/exhibitor"}],"about":[{"href":"https:\/\/www.padesignart.com\/fr\/wp-json\/wp\/v2\/types\/exhibitor"}],"author":[{"embeddable":true,"href":"https:\/\/www.padesignart.com\/fr\/wp-json\/wp\/v2\/users\/736"}],"wp:featuredmedia":[{"embeddable":true,"href":"https:\/\/www.padesignart.com\/fr\/wp-json\/wp\/v2\/media\/25262"}],"wp:attachment":[{"href":"https:\/\/www.padesignart.com\/fr\/wp-json\/wp\/v2\/media?parent=15684"}],"wp:term":[{"taxonomy":"exhibitor_category","embeddable":true,"href":"https:\/\/www.padesignart.com\/fr\/wp-json\/wp\/v2\/exhibitor_category?post=15684"}],"curies":[{"name":"wp","href":"https:\/\/api.w.org\/{rel}","templated":true}]}}