{"id":14896,"date":"2017-12-19T15:18:45","date_gmt":"2017-12-19T15:18:45","guid":{"rendered":"https:\/\/www.padesignart.com\/paris\/?post_type=exhibitor&#038;p=14896"},"modified":"2026-03-09T16:42:53","modified_gmt":"2026-03-09T16:42:53","slug":"gastou","status":"publish","type":"exhibitor","link":"https:\/\/www.padesignart.com\/fr\/exhibitor\/gastou\/","title":{"rendered":"GALERIE GASTOU"},"content":{"rendered":"<p><span style=\"vertical-align: inherit;\"><span style=\"vertical-align: inherit;\"><span style=\"vertical-align: inherit;\"><span style=\"vertical-align: inherit;\">Dans un espace architectur\u00e9 par Ettore Sottsass, Yves Gastou ouvre sa galerie parisienne en 1986, sp\u00e9cialis\u00e9e dans les Arts D\u00e9coratifs du XX\u00e8me si\u00e8cle. <\/span><\/span><\/span><span style=\"vertical-align: inherit;\"><span style=\"vertical-align: inherit;\"><span style=\"vertical-align: inherit;\">Il organise les premi\u00e8res expositions en France des ma\u00eetres du design des ann\u00e9es 1980, comme les artistes de Memphis, Shiro Kuramata ou Ron Arad, qu&rsquo;il confronte aux cr\u00e9ateurs majeurs des ann\u00e9es 40 et 50, \u00e0 l&rsquo;image d&rsquo;Andr\u00e9 Arbus et Gilbert Poillerat. <\/span><\/span><\/span><span style=\"vertical-align: inherit;\"><span style=\"vertical-align: inherit;\"><span style=\"vertical-align: inherit;\">A l&rsquo;instar des grands d\u00e9corateurs tel Henry Samuel, il met en lumi\u00e8re les cr\u00e9ations des designers des ann\u00e9es 70 \u00e0 l&rsquo;image de Philippe Hiquily, Ado Chale et Paul Evans.<\/span><\/span><\/span><\/span><\/p>\n<p><span style=\"vertical-align: inherit;\"><span style=\"vertical-align: inherit;\"><span style=\"vertical-align: inherit;\"><span style=\"vertical-align: inherit;\">Rejoint par son fils Victor en 2005, ils continuent d&rsquo;exposer le mobilier spatial et ludique des ann\u00e9es 60-70, caressant le r\u00eave d&rsquo;un mode de vie libre et d\u00e9contract\u00e9, d&rsquo;un art d\u00e9mocratis\u00e9 gr\u00e2ce \u00e0 adopter de nouveaux mat\u00e9riaux, comme la r\u00e9sine, le laiton, l&rsquo;acier inoxydable, et les g\u00e9odes de pierres, tout en int\u00e9grant un design contemporain \u00e9pur\u00e9.<\/span><\/span><\/span><\/span><\/p>\n<p><span style=\"vertical-align: inherit;\"><span style=\"vertical-align: inherit;\"><span style=\"vertical-align: inherit;\"><span style=\"vertical-align: inherit;\">Aujourd&rsquo;hui, la galerie continue sa qu\u00eate du m\u00e9lange et de l&rsquo;\u00e9clectisme en confrontant les ma\u00eetres des arts d\u00e9coratifs du 20\u00e8me si\u00e8cle aux designers du 21\u00e8me tels qu&rsquo;Agn\u00e8s Debizet, B\u00e9atrice Serre, Emmanuel Jonckers, et Emmanuel Babled.<\/span><\/span><\/span><\/span><\/p>","protected":false},"excerpt":{"rendered":"<p>Dans un espace architectur\u00e9 par Ettore Sottsass, Yves Gastou ouvre sa galerie parisienne en 1986, sp\u00e9cialis\u00e9e dans les Arts D\u00e9coratifs du XX\u00e8me si\u00e8cle. Il organise les premi\u00e8res expositions en France des ma\u00eetres du design des ann\u00e9es 1980, comme les artistes de Memphis, Shiro Kuramata ou Ron Arad, qu&rsquo;il confronte aux cr\u00e9ateurs majeurs des ann\u00e9es 40 et 50, \u00e0 l&rsquo;image d&rsquo;Andr\u00e9 Arbus et Gilbert Poillerat. A l&rsquo;instar des grands d\u00e9corateurs tel Henry Samuel, il met en lumi\u00e8re les cr\u00e9ations des designers des ann\u00e9es 70 \u00e0 l&rsquo;image de Philippe Hiquily, Ado Chale et Paul Evans.<\/p>\n<p>Rejoint par son fils Victor en 2005, ils continuent d&rsquo;exposer le mobilier spatial et ludique des ann\u00e9es 60-70, caressant le r\u00eave d&rsquo;un mode de vie libre et d\u00e9contract\u00e9, d&rsquo;un art d\u00e9mocratis\u00e9 gr\u00e2ce \u00e0 adopter de nouveaux mat\u00e9riaux, comme la r\u00e9sine, le laiton, l&rsquo;acier inoxydable, et les g\u00e9odes de pierres, tout en int\u00e9grant un design contemporain \u00e9pur\u00e9.<\/p>\n<p>Aujourd&rsquo;hui, la galerie continue sa qu\u00eate du m\u00e9lange et de l&rsquo;\u00e9clectisme en confrontant les ma\u00eetres des arts d\u00e9coratifs du 20\u00e8me si\u00e8cle aux designers du 21\u00e8me tels qu&rsquo;Agn\u00e8s Debizet, B\u00e9atrice Serre, Emmanuel Jonckers, et Emmanuel Babled.<\/p>\n","protected":false},"author":748,"menu_order":36,"template":"","exhibitor_category":[155,5],"class_list":["post-14896","exhibitor","type-exhibitor","status-publish","has-post-thumbnail","hentry","pad_fair-london","pad_fair-paris","pad_fair-saint-tropez","exhibitor_category-historical-design","exhibitor_category-contemporary-design","exhibitor_country-france"],"acf":[],"aioseo_notices":[],"_links":{"self":[{"href":"https:\/\/www.padesignart.com\/fr\/wp-json\/wp\/v2\/exhibitor\/14896","targetHints":{"allow":["GET"]}}],"collection":[{"href":"https:\/\/www.padesignart.com\/fr\/wp-json\/wp\/v2\/exhibitor"}],"about":[{"href":"https:\/\/www.padesignart.com\/fr\/wp-json\/wp\/v2\/types\/exhibitor"}],"author":[{"embeddable":true,"href":"https:\/\/www.padesignart.com\/fr\/wp-json\/wp\/v2\/users\/748"}],"wp:featuredmedia":[{"embeddable":true,"href":"https:\/\/www.padesignart.com\/fr\/wp-json\/wp\/v2\/media\/29193"}],"wp:attachment":[{"href":"https:\/\/www.padesignart.com\/fr\/wp-json\/wp\/v2\/media?parent=14896"}],"wp:term":[{"taxonomy":"exhibitor_category","embeddable":true,"href":"https:\/\/www.padesignart.com\/fr\/wp-json\/wp\/v2\/exhibitor_category?post=14896"}],"curies":[{"name":"wp","href":"https:\/\/api.w.org\/{rel}","templated":true}]}}